{"id":206866,"date":"2025-07-14T17:33:30","date_gmt":"2025-07-14T17:33:30","guid":{"rendered":"https:\/\/emdinfotech.com\/dei\/"},"modified":"2025-07-14T17:44:46","modified_gmt":"2025-07-14T17:44:46","slug":"dei","status":"publish","type":"page","link":"https:\/\/emdinfotech.com\/fr\/dei\/","title":{"rendered":"DEI"},"content":{"rendered":"<p>[et_pb_section fb_built=\u00a0\u00bb1&Prime; admin_label=\u00a0\u00bbHeader &#038; Video\u00a0\u00bb _builder_version=\u00a0\u00bb4.25.2&Prime; _module_preset=\u00a0\u00bb17ef2f68-3f10-4f0f-8ed1-d038bc8bc683&Prime; custom_margin=\u00a0\u00bb||||false|false\u00a0\u00bb locked=\u00a0\u00bboff\u00a0\u00bb collapsed=\u00a0\u00bbon\u00a0\u00bb global_colors_info=\u00a0\u00bb{%22gcid-1f1bf5fb-a99d-4acc-8d9e-ddac074c158c%22:%91%22background_color_gradient_stops%22%93,%22gcid-a78660e1-cfc7-4771-a566-6834d6a7f06a%22:%91%22background_color_gradient_stops%22%93,%22gcid-24b0db87-dafa-47d9-995f-b90181e18c52%22:%91%22background_color_gradient_stops%22%93}\u00a0\u00bb][et_pb_row _builder_version=\u00a0\u00bb4.25.1&Prime; _module_preset=\u00a0\u00bbdefault\u00a0\u00bb global_colors_info=\u00a0\u00bb{}\u00a0\u00bb][et_pb_column type=\u00a0\u00bb4_4&Prime; _builder_version=\u00a0\u00bb4.25.1&Prime; _module_preset=\u00a0\u00bbdefault\u00a0\u00bb global_colors_info=\u00a0\u00bb{}\u00a0\u00bb][et_pb_heading title=\u00a0\u00bbEngagement en faveur de la Diversit\u00e9, de l&rsquo;\u00c9quit\u00e9 et de l&rsquo;Inclusion (DEI)\u00a0\u00bb _builder_version=\u00a0\u00bb4.27.4&Prime; _module_preset=\u00a0\u00bb15034180-4a7b-4b91-a65f-4f4e7a2efb95&Prime; title_text_color=\u00a0\u00bb#FFFFFF\u00a0\u00bb custom_margin=\u00a0\u00bb||10px||false|false\u00a0\u00bb global_colors_info=\u00a0\u00bb{}\u00a0\u00bb][\/et_pb_heading][et_pb_text _builder_version=\u00a0\u00bb4.27.4&Prime; _module_preset=\u00a0\u00bbc2a19aae-9e90-4901-ac19-c05bfda1326b\u00a0\u00bb]<\/p>\n<p data-start=\"123\" data-end=\"498\" style=\"text-align: justify;\">Chez EMD INFOTECH, nous croyons que la v\u00e9ritable innovation et le progr\u00e8s naissent de la collaboration entre des personnes ayant des exp\u00e9riences, des \u00e2ges, des comp\u00e9tences et des points de vue diff\u00e9rents. Pour nous, la diversit\u00e9 ne se limite pas au genre, \u00e0 l\u2019origine ou \u00e0 l\u2019ethnie, mais englobe aussi l\u2019\u00e2ge, le parcours scolaire, l\u2019\u00e9tape de carri\u00e8re et les fa\u00e7ons de penser.<\/p>\n<p data-start=\"500\" data-end=\"893\" style=\"text-align: justify;\">Nous encourageons activement la collaboration interg\u00e9n\u00e9rationnelle et cr\u00e9ons un environnement o\u00f9 chacun \u2013 quel que soit son \u00e2ge ou son exp\u00e9rience professionnelle \u2013 a des chances \u00e9gales d\u2019apprendre, de se d\u00e9velopper et de contribuer. Pour nous, la passion pour l\u2019apprentissage, la volont\u00e9 de participer et une attitude positive sont les crit\u00e8res les plus importants pour rejoindre notre \u00e9quipe.<\/p>\n<p data-start=\"895\" data-end=\"1206\" style=\"text-align: justify;\">Nous offrons des opportunit\u00e9s aux personnes tourn\u00e9es vers l\u2019avenir, pr\u00eates \u00e0 se d\u00e9velopper et \u00e0 contribuer avec leurs id\u00e9es et leurs comp\u00e9tences. Nous croyons \u00e0 la puissance du savoir transmis de g\u00e9n\u00e9ration en g\u00e9n\u00e9ration, ainsi qu\u2019\u00e0 la fra\u00eecheur des approches innovantes que les jeunes professionnels apportent.<\/p>\n<p data-start=\"1208\" data-end=\"1438\" style=\"text-align: justify;\">Notre fonctionnement quotidien est bas\u00e9 sur le respect mutuel, l\u2019\u00e9galit\u00e9 et la communication ouverte. Nous nous effor\u00e7ons en permanence de garantir que chaque membre d\u2019EMD INFOTECH se sente inclus, \u00e9cout\u00e9 et capable de s\u2019\u00e9panouir.<\/p>\n<p data-start=\"1440\" data-end=\"1621\" style=\"text-align: justify;\">Cet engagement refl\u00e8te nos valeurs fondamentales et guide chacune de nos d\u00e9cisions, dans le but de cr\u00e9er un environnement de travail meilleur, plus juste et plus inclusif pour tous.<\/p>\n<p>[\/et_pb_text][et_pb_image src=\u00a0\u00bbhttps:\/\/emdinfotech.com\/wp-content\/uploads\/2025\/07\/DEI.jpg\u00a0\u00bb title_text=\u00a0\u00bbDEI\u00a0\u00bb _builder_version=\u00a0\u00bb4.27.4&Prime; _module_preset=\u00a0\u00bbdefault\u00a0\u00bb global_colors_info=\u00a0\u00bb{}\u00a0\u00bb][\/et_pb_image][\/et_pb_column][\/et_pb_row][\/et_pb_section]<\/p>\n","protected":false},"excerpt":{"rendered":"<p>Chez EMD INFOTECH, nous croyons que la v\u00e9ritable innovation et le progr\u00e8s naissent de la collaboration entre des personnes ayant des exp\u00e9riences, des \u00e2ges, des comp\u00e9tences et des points de vue diff\u00e9rents. Pour nous, la diversit\u00e9 ne se limite pas au genre, \u00e0 l\u2019origine ou \u00e0 l\u2019ethnie, mais englobe aussi l\u2019\u00e2ge, le parcours scolaire, l\u2019\u00e9tape [&hellip;]<\/p>\n","protected":false},"author":1,"featured_media":0,"parent":0,"menu_order":0,"comment_status":"closed","ping_status":"closed","template":"","meta":{"_et_pb_use_builder":"on","_et_pb_old_content":"","_et_gb_content_width":"","footnotes":""},"class_list":["post-206866","page","type-page","status-publish","hentry"],"_links":{"self":[{"href":"https:\/\/emdinfotech.com\/fr\/wp-json\/wp\/v2\/pages\/206866","targetHints":{"allow":["GET"]}}],"collection":[{"href":"https:\/\/emdinfotech.com\/fr\/wp-json\/wp\/v2\/pages"}],"about":[{"href":"https:\/\/emdinfotech.com\/fr\/wp-json\/wp\/v2\/types\/page"}],"author":[{"embeddable":true,"href":"https:\/\/emdinfotech.com\/fr\/wp-json\/wp\/v2\/users\/1"}],"replies":[{"embeddable":true,"href":"https:\/\/emdinfotech.com\/fr\/wp-json\/wp\/v2\/comments?post=206866"}],"version-history":[{"count":5,"href":"https:\/\/emdinfotech.com\/fr\/wp-json\/wp\/v2\/pages\/206866\/revisions"}],"predecessor-version":[{"id":206891,"href":"https:\/\/emdinfotech.com\/fr\/wp-json\/wp\/v2\/pages\/206866\/revisions\/206891"}],"wp:attachment":[{"href":"https:\/\/emdinfotech.com\/fr\/wp-json\/wp\/v2\/media?parent=206866"}],"curies":[{"name":"wp","href":"https:\/\/api.w.org\/{rel}","templated":true}]}}